{"id":1430,"date":"2023-01-27T20:49:32","date_gmt":"2023-01-27T19:49:32","guid":{"rendered":"https:\/\/barcelona.wordcamp.org\/2023\/?page_id=1430"},"modified":"2023-05-16T15:34:38","modified_gmt":"2023-05-16T14:34:38","slug":"inici","status":"publish","type":"page","link":"https:\/\/barcelona.wordcamp.org\/2023\/","title":{"rendered":"Inici"},"content":{"rendered":"\n<div class=\"wp-block-group is-vertical is-content-justification-center is-layout-flex wp-container-core-group-is-layout-300bbbe9 wp-block-group-is-layout-flex\">\n<figure class=\"wp-block-image size-full is-resized\"><img loading=\"lazy\" decoding=\"async\" src=\"https:\/\/barcelona.wordcamp.org\/2023\/files\/2023\/01\/logo_home.png\" alt=\"\" class=\"wp-image-1449\" width=\"284\" height=\"141\" srcset=\"https:\/\/barcelona.wordcamp.org\/2023\/files\/2023\/01\/logo_home.png 568w, https:\/\/barcelona.wordcamp.org\/2023\/files\/2023\/01\/logo_home-300x149.png 300w, https:\/\/barcelona.wordcamp.org\/2023\/files\/2023\/01\/logo_home-500x248.png 500w\" sizes=\"auto, (max-width: 284px) 100vw, 284px\" \/><\/figure>\n\n\n\n<h1 class=\"wp-block-heading has-text-align-center\" style=\"margin-top:var(--wp--preset--spacing--20)\">Jornades de Disseny, Desenvolupament Web i WordPress<\/h1>\n\n\n\n<p class=\"condensed data_guions has-custom-blanc-wc-bcn-color has-text-color wp-block-paragraph\" style=\"font-size:32px;font-style:normal;font-weight:900\">5-6 Maig 2023<\/p>\n\n\n\n<div class=\"wp-block-buttons amagar is-content-justification-center is-layout-flex wp-container-core-buttons-is-layout-73451bca wp-block-buttons-is-layout-flex\">\n<div class=\"wp-block-button boto_wcbcn\"><a class=\"wp-block-button__link wp-element-button\" href=\"https:\/\/barcelona.wordcamp.org\/2023\/entrades\/\">COMPRAR ENTRADES<\/a><\/div>\n<\/div>\n<\/div>\n\n\n\n<div class=\"wp-block-group is-layout-constrained wp-container-core-group-is-layout-b2047a67 wp-block-group-is-layout-constrained\">\n<div class=\"wp-block-columns wrap_columneshome is-layout-flex wp-container-core-columns-is-layout-6ac5c474 wp-block-columns-is-layout-flex\">\n<div class=\"wp-block-column column3_home column_programa is-layout-flow wp-block-column-is-layout-flow\">\n<figure class=\"wp-block-image aligncenter size-full is-resized\"><a href=\"https:\/\/barcelona.wordcamp.org\/2023\/programa\/\"><img loading=\"lazy\" decoding=\"async\" src=\"https:\/\/barcelona.wordcamp.org\/2023\/files\/2023\/01\/ico-programes.png\" alt=\"\" class=\"wp-image-1481\" width=\"184\" height=\"185\" srcset=\"https:\/\/barcelona.wordcamp.org\/2023\/files\/2023\/01\/ico-programes.png 368w, https:\/\/barcelona.wordcamp.org\/2023\/files\/2023\/01\/ico-programes-300x300.png 300w, https:\/\/barcelona.wordcamp.org\/2023\/files\/2023\/01\/ico-programes-150x150.png 150w, https:\/\/barcelona.wordcamp.org\/2023\/files\/2023\/01\/ico-programes-299x300.png 299w\" sizes=\"auto, (max-width: 184px) 100vw, 184px\" \/><\/a><\/figure>\n\n\n\n<h3 class=\"wp-block-heading has-text-align-center has-custom-negre-wc-bcn-color has-text-color\"><a href=\"https:\/\/barcelona.wordcamp.org\/2023\/programa\/\">PROGRAMA<\/a><\/h3>\n<\/div>\n\n\n\n<div class=\"wp-block-column column3_home column_sponsors is-layout-flow wp-block-column-is-layout-flow\">\n<figure class=\"wp-block-image aligncenter size-full is-resized\"><a href=\"https:\/\/barcelona.wordcamp.org\/2023\/patrocinadors\/\"><img loading=\"lazy\" decoding=\"async\" src=\"https:\/\/barcelona.wordcamp.org\/2023\/files\/2023\/01\/ico-sponsors.png\" alt=\"\" class=\"wp-image-1482\" width=\"184\" height=\"185\" srcset=\"https:\/\/barcelona.wordcamp.org\/2023\/files\/2023\/01\/ico-sponsors.png 368w, https:\/\/barcelona.wordcamp.org\/2023\/files\/2023\/01\/ico-sponsors-300x300.png 300w, https:\/\/barcelona.wordcamp.org\/2023\/files\/2023\/01\/ico-sponsors-150x150.png 150w, https:\/\/barcelona.wordcamp.org\/2023\/files\/2023\/01\/ico-sponsors-299x300.png 299w\" sizes=\"auto, (max-width: 184px) 100vw, 184px\" \/><\/a><\/figure>\n\n\n\n<h3 class=\"wp-block-heading has-text-align-center has-custom-negre-wc-bcn-color has-text-color\"><a href=\"https:\/\/barcelona.wordcamp.org\/2023\/patrocinadors\/\" data-type=\"page\" data-id=\"10\">PATROCINADORS<\/a><\/h3>\n<\/div>\n<\/div>\n<\/div>\n\n\n\n<div class=\"wp-block-group amagar is-layout-constrained wp-container-core-group-is-layout-42e84871 wp-block-group-is-layout-constrained\">\n<div class=\"wp-block-columns wrap_columneshome is-layout-flex wp-container-core-columns-is-layout-6ac5c474 wp-block-columns-is-layout-flex\">\n<div class=\"wp-block-column is-vertically-aligned-top column3_home column_entrades is-layout-flow wp-block-column-is-layout-flow\">\n<figure class=\"wp-block-image aligncenter size-full is-resized\"><a href=\"https:\/\/barcelona.wordcamp.org\/2023\/entrades\/\"><img loading=\"lazy\" decoding=\"async\" src=\"https:\/\/barcelona.wordcamp.org\/2023\/files\/2023\/01\/ico-entradas.png\" alt=\"\" class=\"wp-image-1480\" width=\"184\" height=\"185\" srcset=\"https:\/\/barcelona.wordcamp.org\/2023\/files\/2023\/01\/ico-entradas.png 368w, https:\/\/barcelona.wordcamp.org\/2023\/files\/2023\/01\/ico-entradas-300x300.png 300w, https:\/\/barcelona.wordcamp.org\/2023\/files\/2023\/01\/ico-entradas-150x150.png 150w, https:\/\/barcelona.wordcamp.org\/2023\/files\/2023\/01\/ico-entradas-299x300.png 299w\" sizes=\"auto, (max-width: 184px) 100vw, 184px\" \/><\/a><\/figure>\n\n\n\n<h3 class=\"wp-block-heading has-text-align-center has-custom-negre-wc-bcn-color has-text-color\"><a href=\"https:\/\/barcelona.wordcamp.org\/2023\/entrades\/\">ENTRADES<\/a><\/h3>\n<\/div>\n\n\n\n<div class=\"wp-block-column column3_home column_programa is-layout-flow wp-block-column-is-layout-flow\">\n<figure class=\"wp-block-image aligncenter size-full is-resized\"><a href=\"https:\/\/barcelona.wordcamp.org\/2023\/programa\/\"><img loading=\"lazy\" decoding=\"async\" src=\"https:\/\/barcelona.wordcamp.org\/2023\/files\/2023\/01\/ico-programes.png\" alt=\"\" class=\"wp-image-1481\" width=\"184\" height=\"185\" srcset=\"https:\/\/barcelona.wordcamp.org\/2023\/files\/2023\/01\/ico-programes.png 368w, https:\/\/barcelona.wordcamp.org\/2023\/files\/2023\/01\/ico-programes-300x300.png 300w, https:\/\/barcelona.wordcamp.org\/2023\/files\/2023\/01\/ico-programes-150x150.png 150w, https:\/\/barcelona.wordcamp.org\/2023\/files\/2023\/01\/ico-programes-299x300.png 299w\" sizes=\"auto, (max-width: 184px) 100vw, 184px\" \/><\/a><\/figure>\n\n\n\n<h3 class=\"wp-block-heading has-text-align-center has-custom-negre-wc-bcn-color has-text-color\"><a href=\"https:\/\/barcelona.wordcamp.org\/2023\/programa\/\">PROGRAMA<\/a><\/h3>\n<\/div>\n<\/div>\n<\/div>\n\n\n\n<div class=\"wp-block-group wrap_block_txt_img is-content-justification-left is-layout-constrained wp-container-core-group-is-layout-50ade1be wp-block-group-is-layout-constrained\">\n<div class=\"wp-block-group inwrap_txt has-custom-blanc-wc-bcn-background-color has-background is-content-justification-left is-layout-constrained wp-container-core-group-is-layout-a9e050c1 wp-block-group-is-layout-constrained\" style=\"padding-top:var(--wp--preset--spacing--40);padding-right:var(--wp--preset--spacing--40);padding-bottom:var(--wp--preset--spacing--40);padding-left:var(--wp--preset--spacing--40)\">\n<h2 class=\"wp-block-heading has-custom-negre-wc-bcn-color has-text-color\">Hola, Barcelona<\/h2>\n\n\n\n<p class=\"wp-block-paragraph\">Gaireb\u00e9 han passat 5 anys des de l&#8217;\u00faltima&nbsp;WordCamp&nbsp;Barcelona. Des de llavors, han passat moltes coses\u2026 i quines coses\u2026! <\/p>\n\n\n\n<p class=\"wp-block-paragraph\">Per\u00f2 n&#8217;hi ha una que segueix igual: les ganes d&#8217;aprendre, de compartir, de reunir-nos, de veure als nostres companys\u2026 I tot aix\u00f2 al voltant de&nbsp;WordPress. <\/p>\n\n\n\n<p class=\"wp-block-paragraph\">El pr\u00f2xim 5 i 6 de maig celebrarem la&nbsp;WordCamp&nbsp;Barcelona. Una WordCamp organitzada pels membres de les diverses comunitats de WordPress actives a Catalunya i que ser\u00e0 una oportunitat per a continuar creixent, per a continuar aprenent, per a con\u00e8ixer altres professionals, per a crear noves oportunitats i l&#8217;excusa perfecta per tornar-nos a trobar amb els amics, amb els companys de professi\u00f3 i con\u00e8ixer de nous. I ja de pas, celebrarem el 20\u00e8 aniversari de WordPress.<\/p>\n\n\n\n<p class=\"wp-block-paragraph\"><\/p>\n\n\n\n<p class=\"has-custom-negre-wc-bcn-color has-text-color wp-block-paragraph\"><strong>Tan si ets un usuari principiant com un desenvolupador especialitzat, a la WordCamp Barcelona hi ha lloc per a tu.<\/strong><\/p>\n\n\n\n<p class=\"link_fletxa amagar wp-block-paragraph\"><strong><a href=\"#\">COMPRAR ENTRADES<\/a><\/strong><\/p>\n<\/div>\n<\/div>\n\n\n\n<section class=\"wp-block-group is-layout-constrained wp-container-core-group-is-layout-68c6f084 wp-block-group-is-layout-constrained\" style=\"margin-top:70px;padding-top:0;padding-right:0;padding-bottom:0;padding-left:0\">\n<div class=\"wp-block-columns has-custom-negre-wc-bcn-background-color has-background is-layout-flex wp-container-core-columns-is-layout-52d3dbdb wp-block-columns-is-layout-flex\" style=\"padding-top:0;padding-right:0;padding-bottom:0;padding-left:0\">\n<div class=\"wp-block-column is-layout-flow wp-container-core-column-is-layout-9ec4e1b5 wp-block-column-is-layout-flow\" style=\"padding-top:20px;padding-right:20px;padding-bottom:20px;padding-left:20px\">\n<figure class=\"wp-block-image size-full is-resized\"><img loading=\"lazy\" decoding=\"async\" src=\"https:\/\/barcelona.wordcamp.org\/2023\/files\/2023\/01\/ico-school.png\" alt=\"\" class=\"wp-image-1566\" width=\"48\" height=\"49\" \/><\/figure>\n\n\n\n<p class=\"wp-block-paragraph\"><\/p>\n\n\n\n<h2 class=\"wp-block-heading has-custom-blanc-wc-bcn-color has-text-color\" style=\"font-style:normal;font-weight:900\">APRENDRE<\/h2>\n\n\n\n<p class=\"has-custom-blanc-wc-bcn-color has-text-color wp-block-paragraph\">Dos dies per aprendre i per descobrir noves eines, nous conceptes, altres formes d&#8217;utilitzar WordPress&#8230;<\/p>\n<\/div>\n\n\n\n<div class=\"wp-block-column is-layout-flow wp-container-core-column-is-layout-e920110e wp-block-column-is-layout-flow\" style=\"padding-top:20px;padding-right:20px;padding-bottom:20px;padding-left:20px\">\n<figure class=\"wp-block-image size-full is-resized\"><img loading=\"lazy\" decoding=\"async\" src=\"https:\/\/barcelona.wordcamp.org\/2023\/files\/2023\/01\/ico-share.png\" alt=\"\" class=\"wp-image-1567\" width=\"48\" height=\"49\" \/><\/figure>\n\n\n\n<p class=\"wp-block-paragraph\"><\/p>\n\n\n\n<h2 class=\"wp-block-heading has-custom-blanc-wc-bcn-color has-text-color\" style=\"font-style:normal;font-weight:900\">COMPARTIR<\/h2>\n\n\n\n<p class=\"has-custom-blanc-wc-bcn-color has-text-color wp-block-paragraph\">Dos dies per compartir coneixements, experi\u00e8ncies, an\u00e8cdotes&#8230; i tamb\u00e9 per aportar el teu granet de sorra per a WordPress.<\/p>\n<\/div>\n\n\n\n<div class=\"wp-block-column is-layout-flow wp-container-core-column-is-layout-e920110e wp-block-column-is-layout-flow\" style=\"padding-top:20px;padding-right:20px;padding-bottom:20px;padding-left:20px\">\n<figure class=\"wp-block-image size-full is-resized\"><img loading=\"lazy\" decoding=\"async\" src=\"https:\/\/barcelona.wordcamp.org\/2023\/files\/2023\/01\/ico-sentiment_satisfied.png\" alt=\"\" class=\"wp-image-1568\" width=\"48\" height=\"49\" \/><\/figure>\n\n\n\n<p class=\"wp-block-paragraph\"><\/p>\n\n\n\n<h2 class=\"wp-block-heading has-text-align-left has-custom-blanc-wc-bcn-color has-text-color\" style=\"font-style:normal;font-weight:900\">GAUDIR<\/h2>\n\n\n\n<p class=\"has-text-align-left has-custom-blanc-wc-bcn-color has-text-color wp-block-paragraph\">Dos dies plens d\u2019abra\u00e7ades i d\u2019encaixades de mans. Una trobada entre companys i col\u00b7legues de professi\u00f3 que enriqueix a tothom.<\/p>\n<\/div>\n<\/div>\n<\/section>\n\n\n\n<div class=\"wp-block-group is-layout-constrained wp-container-core-group-is-layout-145997b8 wp-block-group-is-layout-constrained\" style=\"margin-top:71px\">\n<h2 class=\"wp-block-heading\" style=\"margin-bottom:35px\">LOCALITZACI\u00d3<\/h2>\n\n\n\n<div class=\"wp-block-columns is-layout-flex wp-container-core-columns-is-layout-6ac5c474 wp-block-columns-is-layout-flex\">\n<div class=\"wp-block-column has-custom-negre-wc-bcn-background-color has-background is-layout-flow wp-container-core-column-is-layout-ef76c354 wp-block-column-is-layout-flow\" style=\"padding-top:20px;padding-right:20px;padding-bottom:20px;padding-left:20px\">\n<p class=\"has-custom-blanc-wc-bcn-color has-text-color wp-block-paragraph\" style=\"margin-top:0px;margin-right:0px;margin-bottom:5px;margin-left:0px;font-size:32px;font-style:normal;font-weight:900;line-height:0.8\">5 maig<\/p>\n\n\n\n<p class=\"has-custom-blanc-wc-bcn-color has-text-color wp-block-paragraph\" style=\"margin-bottom:17px;font-size:32px;font-style:normal;font-weight:900;line-height:1.2\">DIA DE LA COMUNITAT<\/p>\n\n\n\n<figure class=\"wp-block-image size-full\"><img loading=\"lazy\" decoding=\"async\" width=\"1120\" height=\"429\" src=\"https:\/\/barcelona.wordcamp.org\/2023\/files\/2023\/01\/cotxeres2.jpg\" alt=\"\" class=\"wp-image-1589\" srcset=\"https:\/\/barcelona.wordcamp.org\/2023\/files\/2023\/01\/cotxeres2.jpg 1120w, https:\/\/barcelona.wordcamp.org\/2023\/files\/2023\/01\/cotxeres2-300x115.jpg 300w, https:\/\/barcelona.wordcamp.org\/2023\/files\/2023\/01\/cotxeres2-1024x392.jpg 1024w, https:\/\/barcelona.wordcamp.org\/2023\/files\/2023\/01\/cotxeres2-768x294.jpg 768w, https:\/\/barcelona.wordcamp.org\/2023\/files\/2023\/01\/cotxeres2-500x192.jpg 500w\" sizes=\"auto, (max-width: 1120px) 100vw, 1120px\" \/><\/figure>\n\n\n\n<p class=\"has-custom-blanc-wc-bcn-color has-text-color wp-block-paragraph\" style=\"margin-top:15px;font-size:18px;font-style:normal;font-weight:700\">Cotxeres de Sants &#8211; Auditori<\/p>\n\n\n\n<p class=\"has-custom-blanc-wc-bcn-color has-text-color wp-block-paragraph\" style=\"margin-bottom:10px;font-size:18px\">Carrer de Sants, 79<br>08014 Barcelona<\/p>\n\n\n\n<p class=\"ico_plus_blanc_before link_blanc has-custom-blanc-wc-bcn-color has-text-color wp-block-paragraph\" style=\"font-size:18px;font-style:normal;font-weight:700\"><a href=\"https:\/\/barcelona.wordcamp.org\/2023\/recinte\/\" data-type=\"page\" data-id=\"11\">info<\/a><\/p>\n<\/div>\n\n\n\n<div class=\"wp-block-column has-custom-blanc-wc-bcn-background-color has-background is-layout-flow wp-container-core-column-is-layout-e920110e wp-block-column-is-layout-flow\" style=\"padding-top:20px;padding-right:20px;padding-bottom:20px;padding-left:20px\">\n<p class=\"has-custom-negre-wc-bcn-color has-text-color wp-block-paragraph\" style=\"margin-top:0px;margin-right:0px;margin-bottom:5px;margin-left:0px;font-size:32px;font-style:normal;font-weight:900;line-height:0.8\">6 maig<\/p>\n\n\n\n<p class=\"has-custom-negre-wc-bcn-color has-text-color wp-block-paragraph\" style=\"margin-bottom:17px;font-size:32px;font-style:normal;font-weight:900;line-height:1.1\">JORNADA DE PON\u00c8NCIES<\/p>\n\n\n\n<figure class=\"wp-block-image size-large\"><img loading=\"lazy\" decoding=\"async\" width=\"1024\" height=\"392\" src=\"https:\/\/barcelona.wordcamp.org\/2023\/files\/2023\/02\/68360689-e282-4d6c-a93b-1d1d5692a9be_16-9-aspect-ratio_default_0-1-1024x392.jpg\" alt=\"\" class=\"wp-image-1611\" srcset=\"https:\/\/barcelona.wordcamp.org\/2023\/files\/2023\/02\/68360689-e282-4d6c-a93b-1d1d5692a9be_16-9-aspect-ratio_default_0-1-1024x392.jpg 1024w, https:\/\/barcelona.wordcamp.org\/2023\/files\/2023\/02\/68360689-e282-4d6c-a93b-1d1d5692a9be_16-9-aspect-ratio_default_0-1-300x115.jpg 300w, https:\/\/barcelona.wordcamp.org\/2023\/files\/2023\/02\/68360689-e282-4d6c-a93b-1d1d5692a9be_16-9-aspect-ratio_default_0-1-768x294.jpg 768w, https:\/\/barcelona.wordcamp.org\/2023\/files\/2023\/02\/68360689-e282-4d6c-a93b-1d1d5692a9be_16-9-aspect-ratio_default_0-1-500x192.jpg 500w, https:\/\/barcelona.wordcamp.org\/2023\/files\/2023\/02\/68360689-e282-4d6c-a93b-1d1d5692a9be_16-9-aspect-ratio_default_0-1.jpg 1120w\" sizes=\"auto, (max-width: 1024px) 100vw, 1024px\" \/><\/figure>\n\n\n\n<p class=\"has-custom-negre-wc-bcn-color has-text-color wp-block-paragraph\" style=\"margin-top:15px;font-size:18px;font-style:normal;font-weight:700\">UPF &#8211; Campus Ciutadella &#8211; Edifici Roger de Ll\u00faria<\/p>\n\n\n\n<p class=\"has-custom-negre-wc-bcn-color has-text-color wp-block-paragraph\" style=\"margin-bottom:10px;font-size:18px\">Carrer de Ramon Trias Fargas, 25<br>08005 Barcelona<\/p>\n\n\n\n<p class=\"ico_plus_negre_before link_negre has-custom-blanc-wc-bcn-color has-text-color wp-block-paragraph\" style=\"font-size:18px;font-style:normal;font-weight:700\"><a href=\"https:\/\/barcelona.wordcamp.org\/2023\/recinte\/\" data-type=\"page\" data-id=\"11\">info<\/a><\/p>\n<\/div>\n<\/div>\n<\/div>\n\n\n\n<div class=\"wp-block-group is-layout-constrained wp-container-core-group-is-layout-42e84871 wp-block-group-is-layout-constrained\">\n<div style=\"height:40px\" aria-hidden=\"true\" class=\"wp-block-spacer\"><\/div>\n\n\n\n<div class=\"wp-block-group amagar has-custom-negre-wc-bcn-background-color has-background is-vertical is-layout-flex wp-container-core-group-is-layout-d60fb0e6 wp-block-group-is-layout-flex\" style=\"padding-top:20px;padding-right:20px;padding-bottom:20px;padding-left:20px\">\n<figure class=\"wp-block-image size-full is-resized\"><img loading=\"lazy\" decoding=\"async\" src=\"https:\/\/barcelona.wordcamp.org\/2023\/files\/2023\/01\/ico-sentiment_satisfied.png\" alt=\"\" class=\"wp-image-1568\" width=\"48\" height=\"49\" \/><\/figure>\n\n\n\n<h2 class=\"wp-block-heading has-custom-blanc-wc-bcn-color has-text-color\" style=\"text-transform:uppercase\">Lorem ipsum dolor sit amet consectetur<\/h2>\n\n\n\n<p class=\"has-custom-blanc-wc-bcn-color has-text-color wp-block-paragraph\">Lorem ipsum dolor sit amet, consectetur adipiscing elit. Etiam eu turpis molestie, dictum est a, mattis tellus. Sed dignissim, metus nec fringilla accumsan, risus sem sollicitudin lacus, ut interdum tellus elit sed risus. Maecenas eget condimentum velit, sit amet feugiat lectus. Class aptent taciti sociosqu ad litora torquent per conubia nostra, per inceptos himenaeos. Praesent auctor purus luctus enim egestas, ac scelerisque ante pulvinar. Donec ut rhoncus ex. Suspendisse ac rhoncus nisl, eu tempor urna. Curabitur vel bibendum lorem. Morbi convallis convallis diam sit amet lacinia. Aliquam in elementum tellus.<\/p>\n\n\n\n<p class=\"has-custom-blanc-wc-bcn-color has-text-color wp-block-paragraph\"><strong>Lorem ipsum dolor sit amet, consectetur adipiscing elit. Etiam eu turpis molestie, dictum est a, mattis tellus. Sed dignissim, metus nec fringilla accumsan, risus sem sollicitudin lacus, ut interdum tellus elit sed risus. Maecenas eget condimentum velit, sit amet feugiat lectus. Class aptent taciti sociosqu ad litora torquent per conubia nostra, per inceptos himenaeos. Donec ut rhoncus ex. Suspendisse ac rhoncus nisl, eu tempor urna. Curabitur vel bibendum lorem. Morbi convallis convallis diam sit amet lacinia. Aliquam in elementum tellus.<\/strong><\/p>\n<\/div>\n<\/div>\n\n\n\n<div class=\"wp-block-group is-layout-constrained wp-container-core-group-is-layout-def1a2f4 wp-block-group-is-layout-constrained\" style=\"margin-top:75px\">\n<h2 class=\"wp-block-heading\" style=\"margin-bottom:35px\">NOT\u00cdCIES<\/h2>\n\n\n\n<div class=\"wp-block-query wrap_noticies is-layout-constrained wp-container-core-query-is-layout-42e84871 wp-block-query-is-layout-constrained\"><ul class=\"is-flex-container columns-3 wp-block-post-template is-layout-flow wp-block-post-template-is-layout-flow\"><li class=\"wp-block-post post-9643 post type-post status-publish format-standard has-post-thumbnail hentry category-noticies-cat\">\n<figure style=\"margin-bottom:0;\" class=\"wp-block-post-featured-image\"><img loading=\"lazy\" decoding=\"async\" width=\"800\" height=\"800\" src=\"https:\/\/barcelona.wordcamp.org\/2023\/files\/2023\/05\/podcast-thumb.png\" class=\"attachment-post-thumbnail size-post-thumbnail wp-post-image\" alt=\"\" style=\"object-fit:cover;\" srcset=\"https:\/\/barcelona.wordcamp.org\/2023\/files\/2023\/05\/podcast-thumb.png 800w, https:\/\/barcelona.wordcamp.org\/2023\/files\/2023\/05\/podcast-thumb-300x300.png 300w, https:\/\/barcelona.wordcamp.org\/2023\/files\/2023\/05\/podcast-thumb-150x150.png 150w, https:\/\/barcelona.wordcamp.org\/2023\/files\/2023\/05\/podcast-thumb-768x768.png 768w\" sizes=\"auto, (max-width: 800px) 100vw, 800px\" \/><\/figure>\n\n\n<div class=\"wp-block-group wrap_contentPost has-custom-blanc-wc-bcn-background-color has-background is-layout-constrained wp-container-core-group-is-layout-ccb82735 wp-block-group-is-layout-constrained\" style=\"padding-top:20px;padding-right:20px;padding-bottom:20px;padding-left:20px\"><h3 style=\"font-size:32px;font-style:normal;font-weight:900;\" class=\"wp-block-post-title has-text-color has-custom-negre-wc-bcn-color\"><a href=\"https:\/\/barcelona.wordcamp.org\/2023\/el-podcast-de-la-wordcamp-barcelona-2023\/\" target=\"_self\" >El podcast de la WordCamp Barcelona 2023<\/a><\/h3>\n\n<div style=\"font-size:15px;font-style:normal;font-weight:700; margin-bottom:25px;margin-top:10px;\" class=\"wp-block-post-date has-text-color has-custom-negre-wc-bcn-color\"><time datetime=\"2023-05-19T14:00:00+01:00\">19\/05\/2023<\/time><\/div>\n\n<div style=\"font-size:18px;line-height:1.3;\" class=\"bcn_card_post_excerpt wp-block-post-excerpt\"><p class=\"wp-block-post-excerpt__excerpt\">Al llarg de la WordCamp Barcelona 2023 vam tenir una taula amb un parell de micr\u00f2fons i per ella van passar un munt de participants per explicar-nos la seva experi\u00e8ncia. De totes aquelles entrevistes hem decidit publicar-les en format podcasts. WordCamp Barcelona \u00e9s una s\u00e8rie d\u2019episodis gravats durant la WordCamp Barcelona 23. En total s\u00f3n&hellip;<\/p><p class=\"wp-block-post-excerpt__more-text\"><a class=\"wp-block-post-excerpt__more-link\" href=\"https:\/\/barcelona.wordcamp.org\/2023\/el-podcast-de-la-wordcamp-barcelona-2023\/\">LLEGIR M\u00c9S<\/a><\/p><\/div><\/div>\n\n<\/li><li class=\"wp-block-post post-9615 post type-post status-publish format-standard has-post-thumbnail hentry category-noticies-cat\">\n<figure style=\"margin-bottom:0;\" class=\"wp-block-post-featured-image\"><img loading=\"lazy\" decoding=\"async\" width=\"800\" height=\"800\" src=\"https:\/\/barcelona.wordcamp.org\/2023\/files\/2023\/05\/thumbnail-escriure.png\" class=\"attachment-post-thumbnail size-post-thumbnail wp-post-image\" alt=\"\" style=\"object-fit:cover;\" srcset=\"https:\/\/barcelona.wordcamp.org\/2023\/files\/2023\/05\/thumbnail-escriure.png 800w, https:\/\/barcelona.wordcamp.org\/2023\/files\/2023\/05\/thumbnail-escriure-300x300.png 300w, https:\/\/barcelona.wordcamp.org\/2023\/files\/2023\/05\/thumbnail-escriure-150x150.png 150w, https:\/\/barcelona.wordcamp.org\/2023\/files\/2023\/05\/thumbnail-escriure-768x768.png 768w\" sizes=\"auto, (max-width: 800px) 100vw, 800px\" \/><\/figure>\n\n\n<div class=\"wp-block-group wrap_contentPost has-custom-blanc-wc-bcn-background-color has-background is-layout-constrained wp-container-core-group-is-layout-ccb82735 wp-block-group-is-layout-constrained\" style=\"padding-top:20px;padding-right:20px;padding-bottom:20px;padding-left:20px\"><h3 style=\"font-size:32px;font-style:normal;font-weight:900;\" class=\"wp-block-post-title has-text-color has-custom-negre-wc-bcn-color\"><a href=\"https:\/\/barcelona.wordcamp.org\/2023\/una-wordcamp-no-sacaba-fins-que-no-es-parla-della\/\" target=\"_self\" >Una WordCamp no s&#8217;acaba fins que no es parla d&#8217;ella&#8230;<\/a><\/h3>\n\n<div style=\"font-size:15px;font-style:normal;font-weight:700; margin-bottom:25px;margin-top:10px;\" class=\"wp-block-post-date has-text-color has-custom-negre-wc-bcn-color\"><time datetime=\"2023-05-19T13:30:00+01:00\">19\/05\/2023<\/time><\/div>\n\n<div style=\"font-size:18px;line-height:1.3;\" class=\"bcn_card_post_excerpt wp-block-post-excerpt\"><p class=\"wp-block-post-excerpt__excerpt\">El 5 i 6 de maig vam poder gaudir de la WordCamp Barcelona i ens agradaria compartir totes les experi\u00e8ncies dels participants de la WordCamp. Diu la tradici\u00f3 que una WordCamp no s\u2019acaba fins que no expliques i comparteixes la teva experi\u00e8ncia. I aix\u00f2 es pot fer de moltes maneres: escrivint un article al teu&hellip;<\/p><p class=\"wp-block-post-excerpt__more-text\"><a class=\"wp-block-post-excerpt__more-link\" href=\"https:\/\/barcelona.wordcamp.org\/2023\/una-wordcamp-no-sacaba-fins-que-no-es-parla-della\/\">LLEGIR M\u00c9S<\/a><\/p><\/div><\/div>\n\n<\/li><li class=\"wp-block-post post-9336 post type-post status-publish format-standard has-post-thumbnail hentry category-noticies-cat\">\n<figure style=\"margin-bottom:0;\" class=\"wp-block-post-featured-image\"><img loading=\"lazy\" decoding=\"async\" width=\"800\" height=\"800\" src=\"https:\/\/barcelona.wordcamp.org\/2023\/files\/2023\/05\/upf-thumbnail.png\" class=\"attachment-post-thumbnail size-post-thumbnail wp-post-image\" alt=\"\" style=\"object-fit:cover;\" srcset=\"https:\/\/barcelona.wordcamp.org\/2023\/files\/2023\/05\/upf-thumbnail.png 800w, https:\/\/barcelona.wordcamp.org\/2023\/files\/2023\/05\/upf-thumbnail-300x300.png 300w, https:\/\/barcelona.wordcamp.org\/2023\/files\/2023\/05\/upf-thumbnail-150x150.png 150w, https:\/\/barcelona.wordcamp.org\/2023\/files\/2023\/05\/upf-thumbnail-768x768.png 768w\" sizes=\"auto, (max-width: 800px) 100vw, 800px\" \/><\/figure>\n\n\n<div class=\"wp-block-group wrap_contentPost has-custom-blanc-wc-bcn-background-color has-background is-layout-constrained wp-container-core-group-is-layout-ccb82735 wp-block-group-is-layout-constrained\" style=\"padding-top:20px;padding-right:20px;padding-bottom:20px;padding-left:20px\"><h3 style=\"font-size:32px;font-style:normal;font-weight:900;\" class=\"wp-block-post-title has-text-color has-custom-negre-wc-bcn-color\"><a href=\"https:\/\/barcelona.wordcamp.org\/2023\/comenca-la-wordcamp\/\" target=\"_self\" >Comen\u00e7a la WordCamp<\/a><\/h3>\n\n<div style=\"font-size:15px;font-style:normal;font-weight:700; margin-bottom:25px;margin-top:10px;\" class=\"wp-block-post-date has-text-color has-custom-negre-wc-bcn-color\"><time datetime=\"2023-05-06T06:00:00+01:00\">06\/05\/2023<\/time><\/div>\n\n<div style=\"font-size:18px;line-height:1.3;\" class=\"bcn_card_post_excerpt wp-block-post-excerpt\"><p class=\"wp-block-post-excerpt__excerpt\">Ha arribat el dia! Quatre anys i mig despr\u00e9s, torna la WordCamp Barcelona. Ahir vam celebrar una gran jornada centrada en la comunitat i avui toca el dia de les pon\u00e8ncies, dels tallers, del networking\u2026 Com volem que aprofitis al m\u00e0xim aquest dia, t\u2019expliquem el que passar\u00e0 al llarg de la jornada.&nbsp; Recorda que aquesta&hellip;<\/p><p class=\"wp-block-post-excerpt__more-text\"><a class=\"wp-block-post-excerpt__more-link\" href=\"https:\/\/barcelona.wordcamp.org\/2023\/comenca-la-wordcamp\/\">LLEGIR M\u00c9S<\/a><\/p><\/div><\/div>\n\n<\/li><\/ul><\/div>\n<\/div>\n\n\n\n<div class=\"wp-block-group is-layout-constrained wp-container-core-group-is-layout-92d21658 wp-block-group-is-layout-constrained\" style=\"margin-bottom:100px\">\n<div class=\"wp-block-columns is-layout-flex wp-container-core-columns-is-layout-8ae9fa9e wp-block-columns-is-layout-flex\" style=\"margin-top:75px\">\n<div class=\"wp-block-column has-custom-negre-wc-bcn-background-color has-background is-layout-flow wp-container-core-column-is-layout-ef76c354 wp-block-column-is-layout-flow\" style=\"padding-top:20px;padding-right:20px;padding-bottom:20px;padding-left:20px\">\n<figure class=\"wp-block-image aligncenter size-full is-resized\"><img loading=\"lazy\" decoding=\"async\" src=\"https:\/\/barcelona.wordcamp.org\/2023\/files\/2023\/02\/pin_drop.png\" alt=\"\" class=\"wp-image-1674\" width=\"56\" height=\"57\" \/><\/figure>\n\n\n\n<p class=\"has-text-align-center has-custom-blanc-wc-bcn-color has-text-color wp-block-paragraph\" style=\"margin-bottom:10px;font-size:18px;font-style:normal;font-weight:900\">RECINTE<\/p>\n\n\n\n<p class=\"has-custom-blanc-wc-bcn-color has-text-color wp-block-paragraph\" style=\"font-size:18px;font-style:normal;font-weight:900;text-transform:uppercase\">DOS DIES, DUES LOCALITZACIONS<\/p>\n\n\n\n<p class=\"has-custom-blanc-wc-bcn-color has-text-color wp-block-paragraph\">Un lloc \u00fanic per a una WordCamp molt especial <\/p>\n\n\n\n<p class=\"ico_fletxa_blanc_after link_blanc has-custom-blanc-wc-bcn-color has-text-color wp-block-paragraph\" style=\"margin-top:9px;font-size:18px;font-style:normal;font-weight:700\"><a href=\"https:\/\/barcelona.wordcamp.org\/2023\/recinte\/\" data-type=\"page\" data-id=\"11\">VES A LA P\u00c0GINA DE RECINTE<\/a><\/p>\n<\/div>\n\n\n\n<div class=\"wp-block-column has-custom-negre-wc-bcn-background-color has-background is-layout-flow wp-container-core-column-is-layout-ef76c354 wp-block-column-is-layout-flow\" style=\"padding-top:20px;padding-right:20px;padding-bottom:20px;padding-left:20px\">\n<figure class=\"wp-block-image aligncenter size-full is-resized\"><img loading=\"lazy\" decoding=\"async\" src=\"https:\/\/barcelona.wordcamp.org\/2023\/files\/2023\/02\/calendar_month.png\" alt=\"\" class=\"wp-image-1675\" width=\"56\" height=\"57\" \/><\/figure>\n\n\n\n<p class=\"has-text-align-center has-custom-blanc-wc-bcn-color has-text-color wp-block-paragraph\" style=\"margin-bottom:10px;font-size:18px;font-style:normal;font-weight:900\">DATES<\/p>\n\n\n\n<p class=\"has-custom-blanc-wc-bcn-color has-text-color wp-block-paragraph\" style=\"font-size:18px;font-style:normal;font-weight:900;text-transform:uppercase\">5 I 6 DE MAIG<\/p>\n\n\n\n<p class=\"has-custom-blanc-wc-bcn-color has-text-color wp-block-paragraph\">Dia de la comunitat: div 5<br>Jornada de pon\u00e8ncies: dis 6<\/p>\n\n\n\n<p class=\"wp-block-paragraph\"><\/p>\n\n\n\n<p class=\"ico_fletxa_blanc_after link_blanc has-custom-blanc-wc-bcn-color has-text-color wp-block-paragraph\" style=\"margin-top:9px;font-size:18px;font-style:normal;font-weight:700\"><a href=\"https:\/\/barcelona.wordcamp.org\/2023\/entrades\/\">COMPRAR ENTRADES<\/a><\/p>\n<\/div>\n\n\n\n<div class=\"wp-block-column has-custom-negre-wc-bcn-background-color has-background is-layout-flow wp-container-core-column-is-layout-ef76c354 wp-block-column-is-layout-flow\" style=\"padding-top:20px;padding-right:20px;padding-bottom:20px;padding-left:20px\">\n<figure class=\"wp-block-image aligncenter size-full is-resized\"><img loading=\"lazy\" decoding=\"async\" src=\"https:\/\/barcelona.wordcamp.org\/2023\/files\/2023\/02\/campaign.png\" alt=\"\" class=\"wp-image-1673\" width=\"56\" height=\"57\" \/><\/figure>\n\n\n\n<p class=\"has-text-align-center has-custom-blanc-wc-bcn-color has-text-color wp-block-paragraph\" style=\"margin-bottom:10px;font-size:18px;font-style:normal;font-weight:900\">PONENTS<\/p>\n\n\n\n<p class=\"has-custom-blanc-wc-bcn-color has-text-color wp-block-paragraph\">Podr\u00e0s con\u00e8ixer els ponents i les ponents que participen a la WordCamp.<\/p>\n\n\n\n<p class=\"wp-block-paragraph\"><\/p>\n\n\n\n<p class=\"ico_fletxa_blanc_after link_blanc has-custom-blanc-wc-bcn-color has-text-color wp-block-paragraph\" style=\"margin-top:9px;font-size:18px;font-style:normal;font-weight:700\"><a href=\"https:\/\/barcelona.wordcamp.org\/2023\/ponents\/\" data-type=\"page\" data-id=\"8\">VEURE&#8217;LS TOTS<\/a><\/p>\n<\/div>\n<\/div>\n<\/div>\n","protected":false},"excerpt":{"rendered":"<p>Jornades de Disseny, Desenvolupament Web i WordPress 5-6 Maig 2023 PROGRAMA PATROCINADORS ENTRADES PROGRAMA Hola, Barcelona Gaireb\u00e9 han passat 5 anys des de l&#8217;\u00faltima&nbsp;WordCamp&nbsp;Barcelona. Des de llavors, han passat moltes coses\u2026 i quines coses\u2026! Per\u00f2 n&#8217;hi ha una que segueix igual: les ganes d&#8217;aprendre, de compartir, de reunir-nos, de veure als nostres companys\u2026 I tot [&hellip;]<\/p>\n","protected":false},"author":13045717,"featured_media":0,"parent":0,"menu_order":0,"comment_status":"closed","ping_status":"closed","template":"wp-custom-template-plantilla-pagina-cat","meta":{"_crdt_document":"","jetpack_post_was_ever_published":false,"footnotes":""},"class_list":["post-1430","page","type-page","status-publish","hentry"],"jetpack_sharing_enabled":true,"_links":{"self":[{"href":"https:\/\/barcelona.wordcamp.org\/2023\/wp-json\/wp\/v2\/pages\/1430","targetHints":{"allow":["GET"]}}],"collection":[{"href":"https:\/\/barcelona.wordcamp.org\/2023\/wp-json\/wp\/v2\/pages"}],"about":[{"href":"https:\/\/barcelona.wordcamp.org\/2023\/wp-json\/wp\/v2\/types\/page"}],"author":[{"embeddable":true,"href":"https:\/\/barcelona.wordcamp.org\/2023\/wp-json\/wp\/v2\/users\/13045717"}],"replies":[{"embeddable":true,"href":"https:\/\/barcelona.wordcamp.org\/2023\/wp-json\/wp\/v2\/comments?post=1430"}],"version-history":[{"count":144,"href":"https:\/\/barcelona.wordcamp.org\/2023\/wp-json\/wp\/v2\/pages\/1430\/revisions"}],"predecessor-version":[{"id":9623,"href":"https:\/\/barcelona.wordcamp.org\/2023\/wp-json\/wp\/v2\/pages\/1430\/revisions\/9623"}],"wp:attachment":[{"href":"https:\/\/barcelona.wordcamp.org\/2023\/wp-json\/wp\/v2\/media?parent=1430"}],"curies":[{"name":"wp","href":"https:\/\/api.w.org\/{rel}","templated":true}]}}